{"id":4,"date":"2014-09-26T13:17:32","date_gmt":"2014-09-26T11:17:32","guid":{"rendered":"http:\/\/www.ubytovaniefatra.sk\/cs\/?page_id=4"},"modified":"2014-09-29T14:34:39","modified_gmt":"2014-09-29T12:34:39","slug":"cenik","status":"publish","type":"page","link":"https:\/\/www.ubytovaniefatra.sk\/cs\/cenik\/","title":{"rendered":"Cen\u00edk"},"content":{"rendered":"<p><strong>Novinky :<\/strong><\/p>\n<div class=\"region region-content\">\n<div id=\"block-system-main\" class=\"block block-system\">\n<div class=\"content\">\n<div id=\"node-2\" class=\"node node-page node-full clearfix\">\n<div class=\"content clearfix\">\n<div class=\"field field-name-body field-type-text-with-summary field-label-hidden\">\n<div class=\"field-items\">\n<div class=\"field-item even\">\n<ul>\n<li>mas\u00e1\u017ee a sauna p\u0159\u00edmo v objektu<\/li>\n<li>mo\u017enos\u0165 vyu\u017eit\u00ed Jakuzzi a wellnessu &#8211; 5 min\u00fat ch\u016fze od apartm\u00e1nu v apartm\u00e1novom dom\u011b Barbora<\/li>\n<\/ul>\n<p><strong>Akce:<\/strong><\/p>\n<ul>\n<li><strong>4+1<\/strong> &#8211; Pronajm\u011bte si apartm\u00e1n na <strong>4 noc\u00ed<\/strong>, dostanete <strong>1 noc<\/strong> zdarma.<\/li>\n<li><strong>5+2<\/strong> &#8211; Pronajm\u011bte si apartm\u00e1n na <strong>5 noc\u00ed<\/strong>, dostanete <strong>2 noci<\/strong> zdarma.<\/li>\n<\/ul>\n<p>&nbsp;<\/p>\n<div class=\"table-responsive\"><table  style=\"width:500px; \"  class=\"easy-table easy-table-default \" border=\"0\">\n<caption>Cen\u00ed\u00adk zima - platn\u00fd od 3.1.2014 do 1.4.2014<\/caption>\n<thead>\r\n<tr><th  style=\"width:20px;text-align:left\" >2 osoby<\/th>\n<th  style=\"width:100px;text-align:left\" >59 \u20ac \/ noc<\/th>\n<\/tr>\n<\/thead>\n<tbody>\r\n<tr><td  style=\"text-align:left\" >+ 1 p\u0159ist\u00fdlka<\/td>\n<td  style=\"text-align:left\" >10 \u20ac \/ noc<\/td>\n<\/tr>\n\r\n<tr><td  style=\"text-align:left\" >d\u00edt\u011b do 6 let<\/td>\n<td  style=\"text-align:left\" >zdarma<\/td>\n<\/tr>\n<\/tbody><\/table><\/div>\n<p>&nbsp;<\/p>\n<p><strong>V cene zdarma:<\/strong><\/p>\n<ul>\n<li>Gar\u00e1\u017eov\u00e9 st\u00e1n\u00ed v podzemn\u00ed gar\u00e1\u017ei ( hodnota 6 Eur)<\/li>\n<li>Internet v prostor\u00e1ch Lobby baru zdarma<\/li>\n<li>pobytov\u00fd poplatek 0,35 Eur na os\/noc zdarma<\/li>\n<li>ski a bike box zdarma<\/li>\n<\/ul>\n<p>&nbsp;<\/p>\n<div class=\"table-responsive\"><table  style=\"width:500px; \"  class=\"easy-table easy-table-default \" border=\"0\">\n<caption>V cene nie je zahrnut\u00e9<\/caption>\n<thead>\r\n<tr><th  style=\"width:20px;text-align:left\" >internet na izbe<\/th>\n<th  style=\"width:100px;text-align:left\" >2 \u20ac \/ de\u0148<\/th>\n<\/tr>\n<\/thead>\n<tbody><\/tbody><\/table><\/div>\n<\/div>\n<\/div>\n<\/div>\n<\/div>\n<\/div>\n<\/div>\n<\/div>\n<\/div>\n","protected":false},"excerpt":{"rendered":"<p>Novinky : mas\u00e1\u017ee a sauna p\u0159\u00edmo v objektu mo\u017enos\u0165 vyu\u017eit\u00ed Jakuzzi a wellnessu &#8211; 5 min\u00fat ch\u016fze od apartm\u00e1nu v apartm\u00e1novom dom\u011b Barbora Akce: 4+1 &#8211; Pronajm\u011bte si apartm\u00e1n na 4 noc\u00ed, dostanete 1 noc zdarma. 5+2 &#8211; Pronajm\u011bte si apartm\u00e1n na 5 noc\u00ed, dostanete 2 noci zdarma. &nbsp; &nbsp; V cene zdarma: Gar\u00e1\u017eov\u00e9 st\u00e1n\u00ed [&hellip;]<\/p>\n","protected":false},"author":1,"featured_media":0,"parent":0,"menu_order":0,"comment_status":"open","ping_status":"open","template":"","meta":{"ngg_post_thumbnail":0},"yoast_head":"<!-- This site is optimized with the Yoast SEO plugin v15.9 - https:\/\/yoast.com\/wordpress\/plugins\/seo\/ -->\n<meta name=\"robots\" content=\"index, follow, max-snippet:-1, max-image-preview:large, max-video-preview:-1\" \/>\n<link rel=\"canonical\" href=\"https:\/\/www.ubytovaniefatra.sk\/cs\/cenik\/\" \/>\n<meta property=\"og:locale\" content=\"sk_SK\" \/>\n<meta property=\"og:type\" content=\"article\" \/>\n<meta property=\"og:title\" content=\"Cen\u00edk - Apartm\u00e1n Bellis\" \/>\n<meta property=\"og:description\" content=\"Novinky : mas\u00e1\u017ee a sauna p\u0159\u00edmo v objektu mo\u017enos\u0165 vyu\u017eit\u00ed Jakuzzi a wellnessu &#8211; 5 min\u00fat ch\u016fze od apartm\u00e1nu v apartm\u00e1novom dom\u011b Barbora Akce: 4+1 &#8211; Pronajm\u011bte si apartm\u00e1n na 4 noc\u00ed, dostanete 1 noc zdarma. 5+2 &#8211; Pronajm\u011bte si apartm\u00e1n na 5 noc\u00ed, dostanete 2 noci zdarma. &nbsp; &nbsp; V cene zdarma: Gar\u00e1\u017eov\u00e9 st\u00e1n\u00ed [&hellip;]\" \/>\n<meta property=\"og:url\" content=\"https:\/\/www.ubytovaniefatra.sk\/cs\/cenik\/\" \/>\n<meta property=\"og:site_name\" content=\"Apartm\u00e1n Bellis\" \/>\n<meta property=\"article:modified_time\" content=\"2014-09-29T12:34:39+00:00\" \/>\n<meta name=\"twitter:label1\" content=\"Predpokladan\u00fd \u010das \u010d\u00edtania\">\n\t<meta name=\"twitter:data1\" content=\"1 min\u00fata\">\n<script type=\"application\/ld+json\" class=\"yoast-schema-graph\">{\"@context\":\"https:\/\/schema.org\",\"@graph\":[{\"@type\":\"WebSite\",\"@id\":\"https:\/\/www.ubytovaniefatra.sk\/cs\/#website\",\"url\":\"https:\/\/www.ubytovaniefatra.sk\/cs\/\",\"name\":\"Apartm\\u00e1n Bellis\",\"description\":\"\",\"potentialAction\":[{\"@type\":\"SearchAction\",\"target\":\"https:\/\/www.ubytovaniefatra.sk\/cs\/?s={search_term_string}\",\"query-input\":\"required name=search_term_string\"}],\"inLanguage\":\"sk-SK\"},{\"@type\":\"WebPage\",\"@id\":\"https:\/\/www.ubytovaniefatra.sk\/cs\/cenik\/#webpage\",\"url\":\"https:\/\/www.ubytovaniefatra.sk\/cs\/cenik\/\",\"name\":\"Cen\\u00edk - Apartm\\u00e1n Bellis\",\"isPartOf\":{\"@id\":\"https:\/\/www.ubytovaniefatra.sk\/cs\/#website\"},\"datePublished\":\"2014-09-26T11:17:32+00:00\",\"dateModified\":\"2014-09-29T12:34:39+00:00\",\"breadcrumb\":{\"@id\":\"https:\/\/www.ubytovaniefatra.sk\/cs\/cenik\/#breadcrumb\"},\"inLanguage\":\"sk-SK\",\"potentialAction\":[{\"@type\":\"ReadAction\",\"target\":[\"https:\/\/www.ubytovaniefatra.sk\/cs\/cenik\/\"]}]},{\"@type\":\"BreadcrumbList\",\"@id\":\"https:\/\/www.ubytovaniefatra.sk\/cs\/cenik\/#breadcrumb\",\"itemListElement\":[{\"@type\":\"ListItem\",\"position\":1,\"item\":{\"@type\":\"WebPage\",\"@id\":\"https:\/\/www.ubytovaniefatra.sk\/cs\/\",\"url\":\"https:\/\/www.ubytovaniefatra.sk\/cs\/\",\"name\":\"\\u00davodn\\u00ed str\\u00e1nka\"}},{\"@type\":\"ListItem\",\"position\":2,\"item\":{\"@type\":\"WebPage\",\"@id\":\"https:\/\/www.ubytovaniefatra.sk\/cs\/cenik\/\",\"url\":\"https:\/\/www.ubytovaniefatra.sk\/cs\/cenik\/\",\"name\":\"Cen\\u00edk\"}}]}]}<\/script>\n<!-- \/ Yoast SEO plugin. -->","_links":{"self":[{"href":"https:\/\/www.ubytovaniefatra.sk\/cs\/wp-json\/wp\/v2\/pages\/4"}],"collection":[{"href":"https:\/\/www.ubytovaniefatra.sk\/cs\/wp-json\/wp\/v2\/pages"}],"about":[{"href":"https:\/\/www.ubytovaniefatra.sk\/cs\/wp-json\/wp\/v2\/types\/page"}],"author":[{"embeddable":true,"href":"https:\/\/www.ubytovaniefatra.sk\/cs\/wp-json\/wp\/v2\/users\/1"}],"replies":[{"embeddable":true,"href":"https:\/\/www.ubytovaniefatra.sk\/cs\/wp-json\/wp\/v2\/comments?post=4"}],"version-history":[{"count":5,"href":"https:\/\/www.ubytovaniefatra.sk\/cs\/wp-json\/wp\/v2\/pages\/4\/revisions"}],"predecessor-version":[{"id":41,"href":"https:\/\/www.ubytovaniefatra.sk\/cs\/wp-json\/wp\/v2\/pages\/4\/revisions\/41"}],"wp:attachment":[{"href":"https:\/\/www.ubytovaniefatra.sk\/cs\/wp-json\/wp\/v2\/media?parent=4"}],"curies":[{"name":"wp","href":"https:\/\/api.w.org\/{rel}","templated":true}]}}