{"id":7,"date":"2014-09-29T09:32:54","date_gmt":"2014-09-29T07:32:54","guid":{"rendered":"http:\/\/www.ubytovaniefatra.sk\/cs\/?page_id=7"},"modified":"2014-09-29T15:05:54","modified_gmt":"2014-09-29T13:05:54","slug":"fotogalerie","status":"publish","type":"page","link":"https:\/\/www.ubytovaniefatra.sk\/cs\/fotogalerie\/","title":{"rendered":"Fotogalerie"},"content":{"rendered":"<p><div class=\"ngg-albumoverview\">\n            <div class=\"ngg-album-compact\">\n            <div class=\"ngg-album-compactbox\">\n                <div class=\"ngg-album-link\">\n                                        <a title='Apartm\u00e1n Bellis'\n                       href='https:\/\/www.ubytovaniefatra.sk\/cs\/fotogalerie\/nggallery\/fotky\/apartman-bellis'>\n                        <img class=\"Thumb\"\n                             alt=\"Apartm\u00e1n Bellis\"\n                             src=\"https:\/\/www.ubytovaniefatra.sk\/cs\/wp-content\/uploads\/sites\/3\/nggallery\/apartman-bellis\/cache\/img_0365.jpg-nggid011-ngg0dyn-91x68-00f0w010c011r110f110r010t010.jpg\"\/>\n                    <\/a>\n                                    <\/div>\n            <\/div>\n                        <h4>\n                <a class='ngg-album-desc' title='Apartm\u00e1n Bellis'\n                       href='https:\/\/www.ubytovaniefatra.sk\/cs\/fotogalerie\/nggallery\/fotky\/apartman-bellis'style=\"max-width: 111px\">Apartm\u00e1n Bellis<\/a>\n            <\/h4>\n            <p class=\"ngg-album-gallery-image-counter\">\n                                    <strong>12<\/strong>&nbsp;Fotografie                            <\/p>\n        <\/div>\n            <div class=\"ngg-album-compact\">\n            <div class=\"ngg-album-compactbox\">\n                <div class=\"ngg-album-link\">\n                                        <a title='Zima'\n                       href='https:\/\/www.ubytovaniefatra.sk\/cs\/fotogalerie\/nggallery\/fotky\/zima'>\n                        <img class=\"Thumb\"\n                             alt=\"Zima\"\n                             src=\"https:\/\/www.ubytovaniefatra.sk\/cs\/wp-content\/uploads\/sites\/3\/nggallery\/zima\/cache\/liptov-zima-01.jpg-nggid0213-ngg0dyn-91x68-00f0w010c011r110f110r010t010.jpg\"\/>\n                    <\/a>\n                                    <\/div>\n            <\/div>\n                        <h4>\n                <a class='ngg-album-desc' title='Zima'\n                       href='https:\/\/www.ubytovaniefatra.sk\/cs\/fotogalerie\/nggallery\/fotky\/zima'style=\"max-width: 111px\">Zima<\/a>\n            <\/h4>\n            <p class=\"ngg-album-gallery-image-counter\">\n                                    <strong>21<\/strong>&nbsp;Fotografie                            <\/p>\n        <\/div>\n            <div class=\"ngg-album-compact\">\n            <div class=\"ngg-album-compactbox\">\n                <div class=\"ngg-album-link\">\n                                        <a title='Ski Park Ru\u017eomberok'\n                       href='https:\/\/www.ubytovaniefatra.sk\/cs\/fotogalerie\/nggallery\/fotky\/ski-park-ruzomberok'>\n                        <img class=\"Thumb\"\n                             alt=\"Ski Park Ru\u017eomberok\"\n                             src=\"https:\/\/www.ubytovaniefatra.sk\/cs\/wp-content\/uploads\/sites\/3\/nggallery\/ski-park-ruzomberok\/cache\/skipark1.jpg-nggid0234-ngg0dyn-91x68-00f0w010c011r110f110r010t010.jpg\"\/>\n                    <\/a>\n                                    <\/div>\n            <\/div>\n                        <h4>\n                <a class='ngg-album-desc' title='Ski Park Ru\u017eomberok'\n                       href='https:\/\/www.ubytovaniefatra.sk\/cs\/fotogalerie\/nggallery\/fotky\/ski-park-ruzomberok'style=\"max-width: 111px\">Ski Park Ru\u017eomberok<\/a>\n            <\/h4>\n            <p class=\"ngg-album-gallery-image-counter\">\n                                    <strong>6<\/strong>&nbsp;Fotografie                            <\/p>\n        <\/div>\n            <div class=\"ngg-album-compact\">\n            <div class=\"ngg-album-compactbox\">\n                <div class=\"ngg-album-link\">\n                                        <a title='Malin\u00f4 Brdo'\n                       href='https:\/\/www.ubytovaniefatra.sk\/cs\/fotogalerie\/nggallery\/fotky\/malino-brdo'>\n                        <img class=\"Thumb\"\n                             alt=\"Malin\u00f4 Brdo\"\n                             src=\"https:\/\/www.ubytovaniefatra.sk\/cs\/wp-content\/uploads\/sites\/3\/nggallery\/malino-brdo\/cache\/malino-brdo-01.jpg-nggid0240-ngg0dyn-91x68-00f0w010c011r110f110r010t010.jpg\"\/>\n                    <\/a>\n                                    <\/div>\n            <\/div>\n                        <h4>\n                <a class='ngg-album-desc' title='Malin\u00f4 Brdo'\n                       href='https:\/\/www.ubytovaniefatra.sk\/cs\/fotogalerie\/nggallery\/fotky\/malino-brdo'style=\"max-width: 111px\">Malin\u00f4 Brdo<\/a>\n            <\/h4>\n            <p class=\"ngg-album-gallery-image-counter\">\n                                    <strong>12<\/strong>&nbsp;Fotografie                            <\/p>\n        <\/div>\n            <div class=\"ngg-album-compact\">\n            <div class=\"ngg-album-compactbox\">\n                <div class=\"ngg-album-link\">\n                                        <a title='Okol\u00ed apartm\u00e1nu'\n                       href='https:\/\/www.ubytovaniefatra.sk\/cs\/fotogalerie\/nggallery\/fotky\/okoli-apartmanu'>\n                        <img class=\"Thumb\"\n                             alt=\"Okol\u00ed apartm\u00e1nu\"\n                             src=\"https:\/\/www.ubytovaniefatra.sk\/cs\/wp-content\/uploads\/sites\/3\/nggallery\/okoli-apartmanu\/cache\/img_0398.jpg-nggid0252-ngg0dyn-91x68-00f0w010c011r110f110r010t010.jpg\"\/>\n                    <\/a>\n                                    <\/div>\n            <\/div>\n                        <h4>\n                <a class='ngg-album-desc' title='Okol\u00ed apartm\u00e1nu'\n                       href='https:\/\/www.ubytovaniefatra.sk\/cs\/fotogalerie\/nggallery\/fotky\/okoli-apartmanu'style=\"max-width: 111px\">Okol\u00ed apartm\u00e1nu<\/a>\n            <\/h4>\n            <p class=\"ngg-album-gallery-image-counter\">\n                                    <strong>18<\/strong>&nbsp;Fotografie                            <\/p>\n        <\/div>\n            <div class=\"ngg-album-compact\">\n            <div class=\"ngg-album-compactbox\">\n                <div class=\"ngg-album-link\">\n                                        <a title='P\u0159\u00edroda v okol\u00ed apartm\u00e1nu'\n                       href='https:\/\/www.ubytovaniefatra.sk\/cs\/fotogalerie\/nggallery\/fotky\/priroda-v-okoli-apartmanu'>\n                        <img class=\"Thumb\"\n                             alt=\"P\u0159\u00edroda v okol\u00ed apartm\u00e1nu\"\n                             src=\"https:\/\/www.ubytovaniefatra.sk\/cs\/wp-content\/uploads\/sites\/3\/nggallery\/priroda-v-okoli-apartmanu\/cache\/img_0413.jpg-nggid0270-ngg0dyn-91x68-00f0w010c011r110f110r010t010.jpg\"\/>\n                    <\/a>\n                                    <\/div>\n            <\/div>\n                        <h4>\n                <a class='ngg-album-desc' title='P\u0159\u00edroda v okol\u00ed apartm\u00e1nu'\n                       href='https:\/\/www.ubytovaniefatra.sk\/cs\/fotogalerie\/nggallery\/fotky\/priroda-v-okoli-apartmanu'style=\"max-width: 111px\">P\u0159\u00edroda v okol\u00ed apartm\u00e1nu<\/a>\n            <\/h4>\n            <p class=\"ngg-album-gallery-image-counter\">\n                                    <strong>39<\/strong>&nbsp;Fotografie                            <\/p>\n        <\/div>\n            <div class=\"ngg-album-compact\">\n            <div class=\"ngg-album-compactbox\">\n                <div class=\"ngg-album-link\">\n                                        <a title='Atrakce'\n                       href='https:\/\/www.ubytovaniefatra.sk\/cs\/fotogalerie\/nggallery\/fotky\/atrakce'>\n                        <img class=\"Thumb\"\n                             alt=\"Atrakce\"\n                             src=\"https:\/\/www.ubytovaniefatra.sk\/cs\/wp-content\/uploads\/sites\/3\/nggallery\/atrakce\/cache\/aquazorbing.jpg-nggid03109-ngg0dyn-91x68-00f0w010c011r110f110r010t010.jpg\"\/>\n                    <\/a>\n                                    <\/div>\n            <\/div>\n                        <h4>\n                <a class='ngg-album-desc' title='Atrakce'\n                       href='https:\/\/www.ubytovaniefatra.sk\/cs\/fotogalerie\/nggallery\/fotky\/atrakce'style=\"max-width: 111px\">Atrakce<\/a>\n            <\/h4>\n            <p class=\"ngg-album-gallery-image-counter\">\n                                    <strong>6<\/strong>&nbsp;Fotografie                            <\/p>\n        <\/div>\n        <br class=\"ngg-clear\"\/>\n    <div class='ngg-clear'><\/div><\/div>\n<\/p>\n","protected":false},"excerpt":{"rendered":"","protected":false},"author":1,"featured_media":0,"parent":0,"menu_order":0,"comment_status":"closed","ping_status":"closed","template":"","meta":{"ngg_post_thumbnail":0},"yoast_head":"<!-- This site is optimized with the Yoast SEO plugin v15.9 - https:\/\/yoast.com\/wordpress\/plugins\/seo\/ -->\n<meta name=\"robots\" content=\"index, follow, max-snippet:-1, max-image-preview:large, max-video-preview:-1\" \/>\n<link rel=\"canonical\" href=\"https:\/\/www.ubytovaniefatra.sk\/cs\/fotogalerie\/\" \/>\n<meta property=\"og:locale\" content=\"sk_SK\" \/>\n<meta property=\"og:type\" content=\"article\" \/>\n<meta property=\"og:title\" content=\"Fotogalerie - Apartm\u00e1n Bellis\" \/>\n<meta property=\"og:url\" content=\"https:\/\/www.ubytovaniefatra.sk\/cs\/fotogalerie\/\" \/>\n<meta property=\"og:site_name\" content=\"Apartm\u00e1n Bellis\" \/>\n<meta property=\"article:modified_time\" content=\"2014-09-29T13:05:54+00:00\" \/>\n<meta property=\"og:image\" content=\"http:\/\/www.ubytovaniefatra.sk\/cs\/nextgen-attach_to_post\/preview\/id--291\" \/>\n<script type=\"application\/ld+json\" class=\"yoast-schema-graph\">{\"@context\":\"https:\/\/schema.org\",\"@graph\":[{\"@type\":\"WebSite\",\"@id\":\"https:\/\/www.ubytovaniefatra.sk\/cs\/#website\",\"url\":\"https:\/\/www.ubytovaniefatra.sk\/cs\/\",\"name\":\"Apartm\\u00e1n Bellis\",\"description\":\"\",\"potentialAction\":[{\"@type\":\"SearchAction\",\"target\":\"https:\/\/www.ubytovaniefatra.sk\/cs\/?s={search_term_string}\",\"query-input\":\"required name=search_term_string\"}],\"inLanguage\":\"sk-SK\"},{\"@type\":\"ImageObject\",\"@id\":\"https:\/\/www.ubytovaniefatra.sk\/cs\/fotogalerie\/#primaryimage\",\"inLanguage\":\"sk-SK\",\"url\":\"http:\/\/www.ubytovaniefatra.sk\/cs\/nextgen-attach_to_post\/preview\/id--291\"},{\"@type\":\"WebPage\",\"@id\":\"https:\/\/www.ubytovaniefatra.sk\/cs\/fotogalerie\/#webpage\",\"url\":\"https:\/\/www.ubytovaniefatra.sk\/cs\/fotogalerie\/\",\"name\":\"Fotogalerie - Apartm\\u00e1n Bellis\",\"isPartOf\":{\"@id\":\"https:\/\/www.ubytovaniefatra.sk\/cs\/#website\"},\"primaryImageOfPage\":{\"@id\":\"https:\/\/www.ubytovaniefatra.sk\/cs\/fotogalerie\/#primaryimage\"},\"datePublished\":\"2014-09-29T07:32:54+00:00\",\"dateModified\":\"2014-09-29T13:05:54+00:00\",\"breadcrumb\":{\"@id\":\"https:\/\/www.ubytovaniefatra.sk\/cs\/fotogalerie\/#breadcrumb\"},\"inLanguage\":\"sk-SK\",\"potentialAction\":[{\"@type\":\"ReadAction\",\"target\":[\"https:\/\/www.ubytovaniefatra.sk\/cs\/fotogalerie\/\"]}]},{\"@type\":\"BreadcrumbList\",\"@id\":\"https:\/\/www.ubytovaniefatra.sk\/cs\/fotogalerie\/#breadcrumb\",\"itemListElement\":[{\"@type\":\"ListItem\",\"position\":1,\"item\":{\"@type\":\"WebPage\",\"@id\":\"https:\/\/www.ubytovaniefatra.sk\/cs\/\",\"url\":\"https:\/\/www.ubytovaniefatra.sk\/cs\/\",\"name\":\"\\u00davodn\\u00ed str\\u00e1nka\"}},{\"@type\":\"ListItem\",\"position\":2,\"item\":{\"@type\":\"WebPage\",\"@id\":\"https:\/\/www.ubytovaniefatra.sk\/cs\/fotogalerie\/\",\"url\":\"https:\/\/www.ubytovaniefatra.sk\/cs\/fotogalerie\/\",\"name\":\"Fotogalerie\"}}]}]}<\/script>\n<!-- \/ Yoast SEO plugin. -->","_links":{"self":[{"href":"https:\/\/www.ubytovaniefatra.sk\/cs\/wp-json\/wp\/v2\/pages\/7"}],"collection":[{"href":"https:\/\/www.ubytovaniefatra.sk\/cs\/wp-json\/wp\/v2\/pages"}],"about":[{"href":"https:\/\/www.ubytovaniefatra.sk\/cs\/wp-json\/wp\/v2\/types\/page"}],"author":[{"embeddable":true,"href":"https:\/\/www.ubytovaniefatra.sk\/cs\/wp-json\/wp\/v2\/users\/1"}],"replies":[{"embeddable":true,"href":"https:\/\/www.ubytovaniefatra.sk\/cs\/wp-json\/wp\/v2\/comments?post=7"}],"version-history":[{"count":3,"href":"https:\/\/www.ubytovaniefatra.sk\/cs\/wp-json\/wp\/v2\/pages\/7\/revisions"}],"predecessor-version":[{"id":292,"href":"https:\/\/www.ubytovaniefatra.sk\/cs\/wp-json\/wp\/v2\/pages\/7\/revisions\/292"}],"wp:attachment":[{"href":"https:\/\/www.ubytovaniefatra.sk\/cs\/wp-json\/wp\/v2\/media?parent=7"}],"curies":[{"name":"wp","href":"https:\/\/api.w.org\/{rel}","templated":true}]}}